{"id":863,"date":"2021-06-11T11:51:16","date_gmt":"2021-06-11T09:51:16","guid":{"rendered":"https:\/\/euskalkirolatb.eus\/retransmisiones\/i-torneo-online-conjuntos-gimnasia-ritmica\/"},"modified":"2022-01-18T14:11:27","modified_gmt":"2022-01-18T13:11:27","slug":"i-torneo-online-conjuntos-gimnasia-ritmica","status":"publish","type":"retransmisiones","link":"https:\/\/euskalkirolatb.eus\/eu\/retransmisiones\/i-torneo-online-conjuntos-gimnasia-ritmica\/","title":{"rendered":"I TORNEO ONLINE CONJUNTOS GIMNASIA R\u00cdTMICA"},"content":{"rendered":"<p>[et_pb_section fb_built=&#8221;1&#8243; _builder_version=&#8221;4.9.3&#8243; _module_preset=&#8221;default&#8221; background_color=&#8221;#06252a&#8221;][et_pb_row admin_label=&#8221;container_volver_atras&#8221; _builder_version=&#8221;4.9.4&#8243; _module_preset=&#8221;default&#8221; width=&#8221;90vw&#8221; max_width=&#8221;90vw&#8221; module_alignment=&#8221;center&#8221; custom_padding=&#8221;0px|0px|0px|0px|true|true&#8221; saved_tabs=&#8221;all&#8221; collapsed=&#8221;on&#8221;][et_pb_column type=&#8221;4_4&#8243; _builder_version=&#8221;4.9.4&#8243; _module_preset=&#8221;default&#8221;][et_pb_code admin_label=&#8221;btn_volver_atras&#8221; _builder_version=&#8221;4.9.4&#8243; _module_preset=&#8221;default&#8221;]<a style=\"color: white; font-size: 20px;\">Volver atr\u00e1s<\/a>[\/et_pb_code][\/et_pb_column][\/et_pb_row][et_pb_row column_structure=&#8221;3_5,2_5&#8243; _builder_version=&#8221;4.9.3&#8243; _module_preset=&#8221;default&#8221; width=&#8221;90vw&#8221; max_width=&#8221;90vw&#8221;][et_pb_column type=&#8221;3_5&#8243; _builder_version=&#8221;4.9.3&#8243; _module_preset=&#8221;default&#8221;][et_pb_code _builder_version=&#8221;4.9.4&#8243; _module_preset=&#8221;default&#8221; background_enable_image=&#8221;off&#8221;][field &#8216;url_video&#8217;][\/et_pb_code][et_pb_post_title meta=&#8221;off&#8221; featured_image=&#8221;off&#8221; _builder_version=&#8221;4.9.4&#8243; _module_preset=&#8221;default&#8221; title_font=&#8221;|||on|||||&#8221; title_text_align=&#8221;left&#8221; title_text_color=&#8221;#FFFFFF&#8221; background_color=&#8221;RGBA(0,0,0,0)&#8221; custom_margin=&#8221;1vw||||false|false&#8221; locked=&#8221;off&#8221;][\/et_pb_post_title][et_pb_code admin_label=&#8221;favorite_button&#8221; _builder_version=&#8221;4.9.4&#8243; _module_preset=&#8221;default&#8221; z_index=&#8221;1&#8243; text_orientation=&#8221;right&#8221; global_module=&#8221;5560&#8243;][favorite_button][\/et_pb_code][et_pb_text _builder_version=&#8221;4.9.4&#8243; _module_preset=&#8221;default&#8221; text_text_color=&#8221;#FFFFFF&#8221; text_font_size=&#8221;15px&#8221; custom_padding=&#8221;10px||10px||true|false&#8221; hover_enabled=&#8221;0&#8243; sticky_enabled=&#8221;0&#8243;]<\/p>\n<p>Queridos amigos,<br \/>\nLo primero felicitaros por el extraordinario trabajo que ven\u00eds haciendo todos los<br \/>\nclubes, luchando y reinvent\u00e1ndoos ante las adversidades.<br \/>\nEs por ello que la Federaci\u00f3n Vasca de Gimnasia queremos poner nuestro granito de arena<br \/>\nen la motivaci\u00f3n de nuestras y nuestros deportistas.<br \/>\nEs por ello que los d\u00edas 25 y 26 de febrero se realizar\u00e1 la competici\u00f3n y 28 de Febrero por la<br \/>\ntarde se emitir\u00e1 el I Torneo On Line de la Federaci\u00f3n Vasca de Gimnasia.<br \/>\nLas categor\u00edas elegidas son las que est\u00e1n activas en Euskadi en estos momentos:<br \/>\n\u2013 Cadete Base<br \/>\n\u2013 Infantil Absoluto<br \/>\n\u2013 Senior Absoluto<br \/>\n\u2013 Primera Categor\u00eda<br \/>\nLa inscripci\u00f3n se realizar\u00e1 por email, rellenando la hoja adjunta. Los padres o madres<br \/>\ntendr\u00e1n que autorizar la participaci\u00f3n y emisi\u00f3n en la hoja de inscripci\u00f3n. No se admitir\u00e1n<br \/>\ninscripciones incompletas. Las\/los mayores de edad tendr\u00e1n que autorizar y firmar<br \/>\nellas\/ellos mismos.<br \/>\nEl plazo de inscripci\u00f3n comenzar\u00e1 el mi\u00e9rcoles d\u00eda 17 a las 10:00 y los conjuntos se admitir\u00e1n<br \/>\nen estricto orden de llegada. Se mandar\u00e1 al email torneosfederacionvasca@gmail.com<br \/>\nCada club podr\u00e1 participar con un conjunto por categor\u00eda.<br \/>\nTodos los conjuntos de un mismo club se grabar\u00e1n en un mismo d\u00eda y hora.<br \/>\nLos tres primeros clasificados recibir\u00e1n medallas y el acceso directo al Torneo Euskalgym<br \/>\n2021.<br \/>\nOs esperamos.<\/p>\n<p>[\/et_pb_text][et_pb_text _builder_version=&#8221;4.9.4&#8243; _dynamic_attributes=&#8221;content&#8221; _module_preset=&#8221;default&#8221; text_text_color=&#8221;#FFFFFF&#8221; text_font_size=&#8221;1vw&#8221; text_line_height=&#8221;1.3em&#8221; header_text_color=&#8221;#FFFFFF&#8221; text_orientation=&#8221;justified&#8221; custom_margin=&#8221;2vw||||false|false&#8221; locked=&#8221;off&#8221;]@ET-DC@eyJkeW5hbWljIjp0cnVlLCJjb250ZW50IjoicG9zdF9leGNlcnB0Iiwic2V0dGluZ3MiOnsiYmVmb3JlIjoiIiwiYWZ0ZXIiOiIiLCJ3b3JkcyI6IiIsInJlYWRfbW9yZV9sYWJlbCI6IiJ9fQ==@[\/et_pb_text][\/et_pb_column][et_pb_column type=&#8221;2_5&#8243; _builder_version=&#8221;4.9.3&#8243; _module_preset=&#8221;default&#8221;][et_pb_text content_tablet=&#8221;&#8221; content_phone=&#8221;<\/p>\n<p>Eventos finalizados en <img decoding=\"async\" class=\"%22wp-image-9241\" src=\"%22https:\/\/euskalkirolatv.eus\/wp-content\/uploads\/2021\/05\/EK_TB_BUENO-removebg-preview-300x108.png%22\" alt=\"%22%22\" width=\"%22100%22\" height=\"%2236%22\" \/><\/p>\n<p>&#8221; content_last_edited=&#8221;on|phone&#8221; _builder_version=&#8221;4.9.4&#8243; _module_preset=&#8221;default&#8221; text_font=&#8221;Montserrat|600|||||||&#8221; text_text_color=&#8221;#FFFFFF&#8221; text_font_size=&#8221;2vw&#8221; text_line_height=&#8221;1em&#8221; custom_margin=&#8221;0.5vw|||2vw|false|false&#8221; custom_margin_tablet=&#8221;-7vw||||false|false&#8221; custom_margin_phone=&#8221;5vw||||false|false&#8221; custom_margin_last_edited=&#8221;on|phone&#8221; custom_padding=&#8221;||||false|false&#8221; text_font_size_tablet=&#8221;25px&#8221; text_font_size_phone=&#8221;5vw&#8221; text_font_size_last_edited=&#8221;on|phone&#8221; global_module=&#8221;7104&#8243; saved_tabs=&#8221;all&#8221; locked=&#8221;off&#8221;]<\/p>\n<p>Eventos finalizados en <img loading=\"lazy\" decoding=\"async\" class=\"wp-image-9241 alignnone size-medium\" src=\"https:\/\/euskalkirolatv.eus\/wp-content\/uploads\/2021\/05\/EK_TB_BUENO-removebg-preview-300x108.png\" alt=\"\" width=\"128\" height=\"46\" \/><\/p>\n<p>[\/et_pb_text][et_pb_code module_class=&#8221;finalizados_filter_x5&#8243; _builder_version=&#8221;4.9.4&#8243; _module_preset=&#8221;default&#8221; width=&#8221;95%&#8221; max_width=&#8221;95%&#8221; module_alignment=&#8221;right&#8221;][post_grid id=&#8217;5354&#8242;][\/et_pb_code][\/et_pb_column][\/et_pb_row][et_pb_row admin_label=&#8221;container_volver_atras&#8221; _builder_version=&#8221;4.9.4&#8243; _module_preset=&#8221;default&#8221; width=&#8221;90vw&#8221; max_width=&#8221;90vw&#8221; module_alignment=&#8221;center&#8221; custom_padding=&#8221;0px|0px|0px|0px|true|true&#8221; saved_tabs=&#8221;all&#8221; collapsed=&#8221;on&#8221;][et_pb_column type=&#8221;4_4&#8243; _builder_version=&#8221;4.9.4&#8243; _module_preset=&#8221;default&#8221;][et_pb_code admin_label=&#8221;btn_volver_atras&#8221; _builder_version=&#8221;4.9.4&#8243; _module_preset=&#8221;default&#8221;]<a style=\"color: white; font-size: 20px;\">Volver atr\u00e1s<\/a>[\/et_pb_code][\/et_pb_column][\/et_pb_row][\/et_pb_section][et_pb_section fb_built=&#8221;1&#8243; _builder_version=&#8221;4.9.4&#8243; _module_preset=&#8221;default&#8221; background_enable_color=&#8221;off&#8221; background_image=&#8221;https:\/\/euskalkirolatv.eus\/wp-content\/uploads\/2021\/04\/fondo_patroci.jpg&#8221; width_last_edited=&#8221;off|desktop&#8221; custom_padding=&#8221;4px||||false|false&#8221; collapsed=&#8221;on&#8221;][et_pb_row _builder_version=&#8221;4.9.4&#8243; _module_preset=&#8221;default&#8221; locked=&#8221;off&#8221;][et_pb_column type=&#8221;4_4&#8243; _builder_version=&#8221;4.9.4&#8243; _module_preset=&#8221;default&#8221;][et_pb_text _builder_version=&#8221;4.9.4&#8243; _module_preset=&#8221;default&#8221; text_font=&#8221;Montserrat|700|||||||&#8221; text_font_size=&#8221;32px&#8221; text_font_size_tablet=&#8221;20px&#8221; text_font_size_phone=&#8221;&#8221; text_font_size_last_edited=&#8221;on|phone&#8221;]<\/p>\n<p style=\"text-align: center;\">PATROCINADORES<\/p>\n<p>[\/et_pb_text][\/et_pb_column][\/et_pb_row][et_pb_row disabled_on=&#8221;off|on|on&#8221; _builder_version=&#8221;4.9.4&#8243; _module_preset=&#8221;default&#8221;][et_pb_column type=&#8221;4_4&#8243; _builder_version=&#8221;4.9.4&#8243; _module_preset=&#8221;default&#8221;][et_pb_image src=&#8221;https:\/\/euskalkirolatv.eus\/wp-content\/uploads\/2021\/04\/MicrosoftTeams-image-1.png&#8221; title_text=&#8221;MicrosoftTeams-image (1)&#8221; url=&#8221;https:\/\/www.basquecountry.eus\/inicio\/&#8221; url_new_window=&#8221;on&#8221; _builder_version=&#8221;4.9.4&#8243; _module_preset=&#8221;default&#8221; width_tablet=&#8221;&#8221; width_phone=&#8221;40vw&#8221; width_last_edited=&#8221;on|phone&#8221; max_width_tablet=&#8221;&#8221; max_width_phone=&#8221;40vw&#8221; max_width_last_edited=&#8221;on|phone&#8221; module_alignment_tablet=&#8221;&#8221; module_alignment_phone=&#8221;center&#8221; module_alignment_last_edited=&#8221;on|phone&#8221;][\/et_pb_image][et_pb_image src=&#8221;https:\/\/euskalkirolatv.eus\/wp-content\/uploads\/2021\/04\/ayuntamiento-bilbao-logo-vector-reducido-removebg-preview.png&#8221; title_text=&#8221;ayuntamiento-bilbao-logo-vector-reducido-removebg-preview&#8221; url=&#8221;https:\/\/www.bilbao.eus&#8221; url_new_window=&#8221;on&#8221; _builder_version=&#8221;4.9.4&#8243; _module_preset=&#8221;default&#8221; width_tablet=&#8221;&#8221; width_phone=&#8221;40vw&#8221; width_last_edited=&#8221;on|phone&#8221; max_width_tablet=&#8221;&#8221; max_width_phone=&#8221;40vw&#8221; max_width_last_edited=&#8221;on|phone&#8221; custom_margin_tablet=&#8221;&#8221; custom_margin_phone=&#8221;4vw||||false|false&#8221; custom_margin_last_edited=&#8221;on|phone&#8221; module_alignment_tablet=&#8221;&#8221; module_alignment_phone=&#8221;center&#8221; module_alignment_last_edited=&#8221;on|phone&#8221;][\/et_pb_image][et_pb_image src=&#8221;https:\/\/euskalkirolatv.eus\/wp-content\/uploads\/2021\/04\/barakaldo-banner-removebg-preview.png&#8221; title_text=&#8221;barakaldo-banner-removebg-preview&#8221; url=&#8221;https:\/\/www.barakaldo.eus\/portal\/web\/barakaldo\/&#8221; url_new_window=&#8221;on&#8221; _builder_version=&#8221;4.9.4&#8243; _module_preset=&#8221;default&#8221; width_tablet=&#8221;&#8221; width_phone=&#8221;40vw&#8221; width_last_edited=&#8221;on|phone&#8221; max_width_tablet=&#8221;&#8221; max_width_phone=&#8221;40vw&#8221; max_width_last_edited=&#8221;on|phone&#8221; module_alignment_tablet=&#8221;&#8221; module_alignment_phone=&#8221;center&#8221; module_alignment_last_edited=&#8221;on|phone&#8221;][\/et_pb_image][et_pb_image src=&#8221;https:\/\/euskalkirolatv.eus\/wp-content\/uploads\/2021\/04\/logo-bat-sobre-fondo-blanoc-grande-1000&#215;1000-removebg-preview.png&#8221; title_text=&#8221;logo-bat-sobre-fondo-blanoc-grande-1000&#215;1000-removebg-preview&#8221; url=&#8221;https:\/\/basqueteam.eus\/&#8221; url_new_window=&#8221;on&#8221; _builder_version=&#8221;4.9.4&#8243; _module_preset=&#8221;default&#8221; width_tablet=&#8221;&#8221; width_phone=&#8221;40vw&#8221; width_last_edited=&#8221;on|phone&#8221; max_width_tablet=&#8221;&#8221; max_width_phone=&#8221;40vw&#8221; max_width_last_edited=&#8221;on|phone&#8221; custom_margin_tablet=&#8221;&#8221; custom_margin_phone=&#8221;||||false|false&#8221; custom_margin_last_edited=&#8221;on|phone&#8221; module_alignment_tablet=&#8221;&#8221; module_alignment_phone=&#8221;center&#8221; module_alignment_last_edited=&#8221;on|phone&#8221;][\/et_pb_image][et_pb_image src=&#8221;https:\/\/euskalkirolatv.eus\/wp-content\/uploads\/2021\/04\/thumbnail__1_-removebg-preview-2-1.png&#8221; title_text=&#8221;thumbnail__1_-removebg-preview (2) (1)&#8221; url=&#8221;http:\/\/euskalkirola.eus&#8221; url_new_window=&#8221;on&#8221; _builder_version=&#8221;4.9.4&#8243; _module_preset=&#8221;default&#8221; width_tablet=&#8221;&#8221; width_phone=&#8221;40vw&#8221; width_last_edited=&#8221;on|phone&#8221; max_width_tablet=&#8221;&#8221; max_width_phone=&#8221;40vw&#8221; max_width_last_edited=&#8221;on|phone&#8221; module_alignment_tablet=&#8221;&#8221; module_alignment_phone=&#8221;center&#8221; module_alignment_last_edited=&#8221;on|phone&#8221;][\/et_pb_image][et_pb_image src=&#8221;https:\/\/euskalkirolatv.eus\/wp-content\/uploads\/2021\/04\/588012_logo_foto610x342-removebg-preview.png&#8221; title_text=&#8221;588012_logo_foto610x342-removebg-preview&#8221; url=&#8221;https:\/\/www.eitb.eus\/es\/&#8221; url_new_window=&#8221;on&#8221; _builder_version=&#8221;4.9.4&#8243; _module_preset=&#8221;default&#8221; width_tablet=&#8221;&#8221; width_phone=&#8221;40vw&#8221; width_last_edited=&#8221;on|phone&#8221; max_width_tablet=&#8221;&#8221; max_width_phone=&#8221;40vw&#8221; max_width_last_edited=&#8221;on|phone&#8221; custom_margin_tablet=&#8221;&#8221; custom_margin_phone=&#8221;4vw||||false|false&#8221; custom_margin_last_edited=&#8221;on|phone&#8221; module_alignment_tablet=&#8221;&#8221; module_alignment_phone=&#8221;center&#8221; module_alignment_last_edited=&#8221;on|phone&#8221;][\/et_pb_image][et_pb_image src=&#8221;https:\/\/euskalkirolatv.eus\/wp-content\/uploads\/2021\/04\/LABORAL_KUTXA_S.COOP_._-removebg-preview.png&#8221; title_text=&#8221;LABORAL_KUTXA_S.COOP_._-removebg-preview&#8221; url=&#8221;https:\/\/www.laboralkutxa.com\/&#8221; url_new_window=&#8221;on&#8221; _builder_version=&#8221;4.9.4&#8243; _module_preset=&#8221;default&#8221; width_tablet=&#8221;&#8221; width_phone=&#8221;40vw&#8221; width_last_edited=&#8221;on|phone&#8221; max_width_tablet=&#8221;&#8221; max_width_phone=&#8221;40vw&#8221; max_width_last_edited=&#8221;on|phone&#8221; module_alignment_tablet=&#8221;&#8221; module_alignment_phone=&#8221;center&#8221; module_alignment_last_edited=&#8221;on|phone&#8221;][\/et_pb_image][et_pb_image src=&#8221;https:\/\/euskalkirolatv.eus\/wp-content\/uploads\/2021\/04\/euskotren-1-removebg-preview.png&#8221; title_text=&#8221;euskotren-1-removebg-preview&#8221; url=&#8221;https:\/\/www.euskotren.eus\/&#8221; url_new_window=&#8221;on&#8221; _builder_version=&#8221;4.9.4&#8243; _module_preset=&#8221;default&#8221; width_tablet=&#8221;&#8221; width_phone=&#8221;40vw&#8221; width_last_edited=&#8221;on|phone&#8221; max_width_tablet=&#8221;&#8221; max_width_phone=&#8221;40vw&#8221; max_width_last_edited=&#8221;on|phone&#8221; module_alignment_tablet=&#8221;&#8221; module_alignment_phone=&#8221;center&#8221; module_alignment_last_edited=&#8221;on|phone&#8221;][\/et_pb_image][et_pb_image src=&#8221;https:\/\/euskalkirolatv.eus\/wp-content\/uploads\/2021\/04\/Logo_Metro_Bilbao.svg_.png&#8221; title_text=&#8221;Logo_Metro_Bilbao.svg&#8221; url=&#8221;https:\/\/www.metrobilbao.eus\/&#8221; url_new_window=&#8221;on&#8221; _builder_version=&#8221;4.9.4&#8243; _module_preset=&#8221;default&#8221; width_tablet=&#8221;&#8221; width_phone=&#8221;40vw&#8221; width_last_edited=&#8221;on|phone&#8221; max_width_tablet=&#8221;&#8221; max_width_phone=&#8221;40vw&#8221; max_width_last_edited=&#8221;on|phone&#8221; module_alignment_tablet=&#8221;&#8221; module_alignment_phone=&#8221;center&#8221; module_alignment_last_edited=&#8221;on|phone&#8221;][\/et_pb_image][et_pb_image src=&#8221;https:\/\/euskalkirolatv.eus\/wp-content\/uploads\/2021\/04\/EUSKAL_TRENBIDE_SAREA-removebg-preview.png&#8221; title_text=&#8221;EUSKAL_TRENBIDE_SAREA-removebg-preview&#8221; _builder_version=&#8221;4.9.4&#8243; _module_preset=&#8221;default&#8221; width_tablet=&#8221;&#8221; width_phone=&#8221;40vw&#8221; width_last_edited=&#8221;on|phone&#8221; max_width_tablet=&#8221;&#8221; max_width_phone=&#8221;40vw&#8221; max_width_last_edited=&#8221;on|phone&#8221; custom_margin_tablet=&#8221;&#8221; custom_margin_phone=&#8221;7vw||||false|false&#8221; custom_margin_last_edited=&#8221;on|phone&#8221; module_alignment_tablet=&#8221;&#8221; module_alignment_phone=&#8221;center&#8221; module_alignment_last_edited=&#8221;on|phone&#8221;][\/et_pb_image][et_pb_image src=&#8221;https:\/\/euskalkirolatv.eus\/wp-content\/uploads\/2021\/04\/Captura-removebg-preview.png&#8221; title_text=&#8221;Captura-removebg-preview&#8221; _builder_version=&#8221;4.9.4&#8243; _module_preset=&#8221;default&#8221; width_tablet=&#8221;&#8221; width_phone=&#8221;40vw&#8221; width_last_edited=&#8221;on|phone&#8221; max_width_tablet=&#8221;&#8221; max_width_phone=&#8221;40vw&#8221; max_width_last_edited=&#8221;on|phone&#8221; custom_margin=&#8221;||||false|false&#8221; custom_margin_tablet=&#8221;&#8221; custom_margin_phone=&#8221;4vw||||false|false&#8221; custom_margin_last_edited=&#8221;on|phone&#8221; module_alignment_tablet=&#8221;&#8221; module_alignment_phone=&#8221;center&#8221; module_alignment_last_edited=&#8221;on|phone&#8221;][\/et_pb_image][\/et_pb_column][\/et_pb_row][et_pb_row column_structure=&#8221;1_4,1_4,1_4,1_4&#8243; disabled_on=&#8221;on|off|off&#8221; _builder_version=&#8221;4.9.4&#8243; _module_preset=&#8221;default&#8221; custom_padding=&#8221;2px|||||&#8221;][et_pb_column type=&#8221;1_4&#8243; _builder_version=&#8221;4.9.3&#8243; _module_preset=&#8221;default&#8221;][et_pb_image src=&#8221;https:\/\/euskalkirolatv.eus\/wp-content\/uploads\/2021\/04\/MicrosoftTeams-image-1.png&#8221; title_text=&#8221;MicrosoftTeams-image (1)&#8221; url=&#8221;https:\/\/www.basquecountry.eus\/inicio\/&#8221; url_new_window=&#8221;on&#8221; align=&#8221;center&#8221; _builder_version=&#8221;4.9.4&#8243; _module_preset=&#8221;default&#8221; width=&#8221;14vw&#8221; max_width=&#8221;14vw&#8221; module_alignment=&#8221;center&#8221; max_height=&#8221;14vw&#8221; custom_margin=&#8221;5vw|1vw||1vw|false|true&#8221;][\/et_pb_image][\/et_pb_column][et_pb_column type=&#8221;1_4&#8243; _builder_version=&#8221;4.9.3&#8243; _module_preset=&#8221;default&#8221;][et_pb_image src=&#8221;https:\/\/euskalkirolatv.eus\/wp-content\/uploads\/2021\/04\/ayuntamiento-bilbao-logo-vector-reducido-removebg-preview.png&#8221; title_text=&#8221;ayuntamiento-bilbao-logo-vector-reducido-removebg-preview&#8221; url=&#8221;https:\/\/www.bilbao.eus&#8221; url_new_window=&#8221;on&#8221; align=&#8221;center&#8221; _builder_version=&#8221;4.9.4&#8243; _module_preset=&#8221;default&#8221; width=&#8221;14vw&#8221; max_width=&#8221;14vw&#8221; module_alignment=&#8221;center&#8221; max_height=&#8221;14vw&#8221; custom_margin=&#8221;3vw|1vw||1vw|false|true&#8221; locked=&#8221;off&#8221;][\/et_pb_image][\/et_pb_column][et_pb_column type=&#8221;1_4&#8243; _builder_version=&#8221;4.9.3&#8243; _module_preset=&#8221;default&#8221;][et_pb_image src=&#8221;https:\/\/euskalkirolatv.eus\/wp-content\/uploads\/2021\/04\/barakaldo-banner-removebg-preview.png&#8221; title_text=&#8221;barakaldo-banner-removebg-preview&#8221; url=&#8221;https:\/\/www.barakaldo.eus\/portal\/web\/barakaldo\/&#8221; url_new_window=&#8221;on&#8221; align=&#8221;center&#8221; _builder_version=&#8221;4.9.4&#8243; _module_preset=&#8221;default&#8221; width=&#8221;14vw&#8221; max_width=&#8221;14vw&#8221; module_alignment=&#8221;center&#8221; height=&#8221;14vw&#8221; max_height=&#8221;14vw&#8221; custom_margin=&#8221;|1vw||1vw|false|true&#8221; locked=&#8221;off&#8221;][\/et_pb_image][\/et_pb_column][et_pb_column type=&#8221;1_4&#8243; _builder_version=&#8221;4.9.3&#8243; _module_preset=&#8221;default&#8221;][et_pb_image src=&#8221;https:\/\/euskalkirolatv.eus\/wp-content\/uploads\/2021\/04\/logo-bat-sobre-fondo-blanoc-grande-1000&#215;1000-removebg-preview.png&#8221; title_text=&#8221;logo-bat-sobre-fondo-blanoc-grande-1000&#215;1000-removebg-preview&#8221; url=&#8221;https:\/\/basqueteam.eus\/&#8221; url_new_window=&#8221;on&#8221; align=&#8221;center&#8221; _builder_version=&#8221;4.9.4&#8243; _module_preset=&#8221;default&#8221; width=&#8221;14vw&#8221; max_width=&#8221;14vw&#8221; module_alignment=&#8221;center&#8221; max_height=&#8221;14vw&#8221; custom_margin=&#8221;|1vw||1vw|false|true&#8221; locked=&#8221;off&#8221;][\/et_pb_image][\/et_pb_column][\/et_pb_row][et_pb_row column_structure=&#8221;1_4,1_4,1_4,1_4&#8243; disabled_on=&#8221;on|off|off&#8221; _builder_version=&#8221;4.9.4&#8243; _module_preset=&#8221;default&#8221;][et_pb_column type=&#8221;1_4&#8243; _builder_version=&#8221;4.9.3&#8243; _module_preset=&#8221;default&#8221;][et_pb_image src=&#8221;https:\/\/euskalkirolatv.eus\/wp-content\/uploads\/2021\/04\/thumbnail-1.png&#8221; title_text=&#8221;thumbnail (1)&#8221; url=&#8221;http:\/\/euskalkirola.eus&#8221; url_new_window=&#8221;on&#8221; align=&#8221;center&#8221; _builder_version=&#8221;4.9.4&#8243; _module_preset=&#8221;default&#8221; width=&#8221;14vw&#8221; max_width=&#8221;14vw&#8221; module_alignment=&#8221;center&#8221; max_height=&#8221;14vw&#8221; custom_margin=&#8221;|1vw||1vw|false|true&#8221; locked=&#8221;off&#8221;][\/et_pb_image][\/et_pb_column][et_pb_column type=&#8221;1_4&#8243; _builder_version=&#8221;4.9.3&#8243; _module_preset=&#8221;default&#8221;][et_pb_image src=&#8221;https:\/\/euskalkirolatv.eus\/wp-content\/uploads\/2021\/04\/588012_logo_foto610x342-removebg-preview.png&#8221; title_text=&#8221;588012_logo_foto610x342-removebg-preview&#8221; url=&#8221;https:\/\/www.eitb.eus\/es\/&#8221; url_new_window=&#8221;on&#8221; align=&#8221;center&#8221; _builder_version=&#8221;4.9.4&#8243; _module_preset=&#8221;default&#8221; width=&#8221;14vw&#8221; max_width=&#8221;14vw&#8221; module_alignment=&#8221;center&#8221; max_height=&#8221;14vw&#8221; custom_margin=&#8221;2.1vw|1vw||1vw|false|true&#8221;][\/et_pb_image][\/et_pb_column][et_pb_column type=&#8221;1_4&#8243; _builder_version=&#8221;4.9.3&#8243; _module_preset=&#8221;default&#8221;][et_pb_image src=&#8221;https:\/\/euskalkirolatv.eus\/wp-content\/uploads\/2021\/04\/LABORAL_KUTXA_S.COOP_._-removebg-preview.png&#8221; title_text=&#8221;LABORAL_KUTXA_S.COOP_._-removebg-preview&#8221; url=&#8221;https:\/\/www.laboralkutxa.com\/&#8221; url_new_window=&#8221;on&#8221; align=&#8221;center&#8221; _builder_version=&#8221;4.9.4&#8243; _module_preset=&#8221;default&#8221; width=&#8221;14vw&#8221; max_width=&#8221;14vw&#8221; module_alignment=&#8221;center&#8221; height=&#8221;14vw&#8221; max_height=&#8221;14vw&#8221; custom_margin=&#8221;|1vw||1vw|false|true&#8221; locked=&#8221;off&#8221;][\/et_pb_image][\/et_pb_column][et_pb_column type=&#8221;1_4&#8243; _builder_version=&#8221;4.9.3&#8243; _module_preset=&#8221;default&#8221;][et_pb_image src=&#8221;https:\/\/euskalkirolatv.eus\/wp-content\/uploads\/2021\/04\/euskotren-1-removebg-preview.png&#8221; title_text=&#8221;euskotren-1-removebg-preview&#8221; url=&#8221;https:\/\/www.euskotren.eus\/&#8221; url_new_window=&#8221;on&#8221; align=&#8221;center&#8221; _builder_version=&#8221;4.9.4&#8243; _module_preset=&#8221;default&#8221; width=&#8221;14vw&#8221; max_width=&#8221;14vw&#8221; module_alignment=&#8221;center&#8221; max_height=&#8221;14vw&#8221; custom_margin=&#8221;2vw|1vw||1vw|false|true&#8221; locked=&#8221;off&#8221;][\/et_pb_image][\/et_pb_column][\/et_pb_row][et_pb_row column_structure=&#8221;1_3,1_3,1_3&#8243; disabled_on=&#8221;on|off|off&#8221; _builder_version=&#8221;4.9.4&#8243; _module_preset=&#8221;default&#8221; module_alignment=&#8221;center&#8221;][et_pb_column type=&#8221;1_3&#8243; _builder_version=&#8221;4.9.4&#8243; _module_preset=&#8221;default&#8221; custom_css_main_element=&#8221;width: calc(100% \/ 3) !important;&#8221;][et_pb_image src=&#8221;https:\/\/euskalkirolatv.eus\/wp-content\/uploads\/2021\/04\/Logo_Metro_Bilbao.svg_.png&#8221; title_text=&#8221;Logo_Metro_Bilbao.svg&#8221; url=&#8221;https:\/\/www.metrobilbao.eus\/&#8221; url_new_window=&#8221;on&#8221; align=&#8221;center&#8221; _builder_version=&#8221;4.9.4&#8243; _module_preset=&#8221;default&#8221; max_width=&#8221;14vw&#8221; module_alignment=&#8221;center&#8221; max_height=&#8221;14vw&#8221; custom_margin=&#8221;3.5vw|1vw||1vw|false|true&#8221; locked=&#8221;off&#8221;][\/et_pb_image][\/et_pb_column][et_pb_column type=&#8221;1_3&#8243; _builder_version=&#8221;4.9.4&#8243; _module_preset=&#8221;default&#8221; custom_css_main_element=&#8221;width: calc(100% \/ 3) !important;&#8221;][et_pb_image src=&#8221;https:\/\/euskalkirolatv.eus\/wp-content\/uploads\/2021\/04\/EUSKAL_TRENBIDE_SAREA-removebg-preview.png&#8221; title_text=&#8221;EUSKAL_TRENBIDE_SAREA-removebg-preview&#8221; url=&#8221;https:\/\/www.ets-rfv.euskadi.eus\/&#8221; url_new_window=&#8221;on&#8221; align=&#8221;center&#8221; _builder_version=&#8221;4.9.4&#8243; _module_preset=&#8221;default&#8221; width=&#8221;14vw&#8221; max_width=&#8221;14vw&#8221; module_alignment=&#8221;center&#8221; max_height=&#8221;14vw&#8221; custom_margin=&#8221;2.3vw|1vw||1vw|false|true&#8221;][\/et_pb_image][\/et_pb_column][et_pb_column type=&#8221;1_3&#8243; _builder_version=&#8221;4.9.4&#8243; _module_preset=&#8221;default&#8221; custom_css_main_element=&#8221;width: calc(100% \/ 3) !important;&#8221;][et_pb_image src=&#8221;https:\/\/euskalkirolatv.eus\/wp-content\/uploads\/2021\/04\/Captura-removebg-preview.png&#8221; title_text=&#8221;Captura-removebg-preview&#8221; url=&#8221;https:\/\/www.pinterest.es\/maritaibanez\/hair-design&#8221; url_new_window=&#8221;on&#8221; align=&#8221;center&#8221; _builder_version=&#8221;4.9.4&#8243; _module_preset=&#8221;default&#8221; width=&#8221;14vw&#8221; max_width=&#8221;14vw&#8221; module_alignment=&#8221;center&#8221; height=&#8221;11vw&#8221; max_height=&#8221;11vw&#8221; custom_margin=&#8221;|1vw||1vw|false|true&#8221; locked=&#8221;off&#8221;][\/et_pb_image][\/et_pb_column][\/et_pb_row][\/et_pb_section]<\/p>\n","protected":false},"featured_media":864,"template":"","meta":{"_acf_changed":false},"deporte":[6],"class_list":["post-863","retransmisiones","type-retransmisiones","status-publish","has-post-thumbnail","hentry","deporte-gimnasia","description-off"],"acf":[],"yoast_head":"<!-- This site is optimized with the Yoast SEO plugin v27.4 - https:\/\/yoast.com\/product\/yoast-seo-wordpress\/ -->\n<title>I TORNEO ONLINE CONJUNTOS GIMNASIA R\u00cdTMICA - Euskal Kirola Telebista<\/title>\n<meta name=\"robots\" content=\"index, follow, max-snippet:-1, max-image-preview:large, max-video-preview:-1\" \/>\n<link rel=\"canonical\" href=\"https:\/\/euskalkirolatb.eus\/retransmisiones\/i-torneo-online-conjuntos-gimnasia-ritmica\/\" \/>\n<meta property=\"og:locale\" content=\"eu_ES\" \/>\n<meta property=\"og:type\" content=\"article\" \/>\n<meta property=\"og:title\" content=\"I TORNEO ONLINE CONJUNTOS GIMNASIA R\u00cdTMICA - Euskal Kirola Telebista\" \/>\n<meta property=\"og:description\" content=\"[et_pb_section fb_built=&#8221;1&#8243; _builder_version=&#8221;4.9.3&#8243; _module_preset=&#8221;default&#8221; background_color=&#8221;#06252a&#8221;][et_pb_row admin_label=&#8221;container_volver_atras&#8221; _builder_version=&#8221;4.9.4&#8243; _module_preset=&#8221;default&#8221; width=&#8221;90vw&#8221; max_width=&#8221;90vw&#8221; module_alignment=&#8221;center&#8221; custom_padding=&#8221;0px|0px|0px|0px|true|true&#8221; saved_tabs=&#8221;all&#8221; collapsed=&#8221;on&#8221;][et_pb_column type=&#8221;4_4&#8243; _builder_version=&#8221;4.9.4&#8243; _module_preset=&#8221;default&#8221;][et_pb_code admin_label=&#8221;btn_volver_atras&#8221; _builder_version=&#8221;4.9.4&#8243; _module_preset=&#8221;default&#8221;]Volver atr\u00e1s[\/et_pb_code][\/et_pb_column][\/et_pb_row][et_pb_row column_structure=&#8221;3_5,2_5&#8243; _builder_version=&#8221;4.9.3&#8243; _module_preset=&#8221;default&#8221; width=&#8221;90vw&#8221; max_width=&#8221;90vw&#8221;][et_pb_column type=&#8221;3_5&#8243; _builder_version=&#8221;4.9.3&#8243; _module_preset=&#8221;default&#8221;][et_pb_code _builder_version=&#8221;4.9.4&#8243; _module_preset=&#8221;default&#8221; background_enable_image=&#8221;off&#8221;][field &#8216;url_video&#8217;][\/et_pb_code][et_pb_post_title meta=&#8221;off&#8221; featured_image=&#8221;off&#8221; _builder_version=&#8221;4.9.4&#8243; _module_preset=&#8221;default&#8221; title_font=&#8221;|||on|||||&#8221; title_text_align=&#8221;left&#8221; title_text_color=&#8221;#FFFFFF&#8221; background_color=&#8221;RGBA(0,0,0,0)&#8221; custom_margin=&#8221;1vw||||false|false&#8221; locked=&#8221;off&#8221;][\/et_pb_post_title][et_pb_code admin_label=&#8221;favorite_button&#8221; _builder_version=&#8221;4.9.4&#8243; _module_preset=&#8221;default&#8221; z_index=&#8221;1&#8243; text_orientation=&#8221;right&#8221; global_module=&#8221;5560&#8243;][favorite_button][\/et_pb_code][et_pb_text _builder_version=&#8221;4.9.4&#8243; _module_preset=&#8221;default&#8221; text_text_color=&#8221;#FFFFFF&#8221; text_font_size=&#8221;15px&#8221; custom_padding=&#8221;10px||10px||true|false&#8221; hover_enabled=&#8221;0&#8243;&hellip;\" \/>\n<meta property=\"og:url\" content=\"https:\/\/euskalkirolatb.eus\/retransmisiones\/i-torneo-online-conjuntos-gimnasia-ritmica\/\" \/>\n<meta property=\"og:site_name\" content=\"Euskal Kirola Telebista\" \/>\n<meta property=\"article:modified_time\" content=\"2022-01-18T13:11:27+00:00\" \/>\n<meta property=\"og:image\" content=\"https:\/\/euskalkirolatb.eus\/wp-content\/uploads\/2022\/01\/cartel-I-Torneo-On-Line-728x1030-1-e1623412257123.jpg\" \/>\n\t<meta property=\"og:image:width\" content=\"728\" \/>\n\t<meta property=\"og:image:height\" content=\"453\" \/>\n\t<meta property=\"og:image:type\" content=\"image\/jpeg\" \/>\n<meta name=\"twitter:card\" content=\"summary_large_image\" \/>\n<meta name=\"twitter:label1\" content=\"Est. reading time\" \/>\n\t<meta name=\"twitter:data1\" content=\"13 minutes\" \/>\n<script type=\"application\/ld+json\" class=\"yoast-schema-graph\">{\"@context\":\"https:\\\/\\\/schema.org\",\"@graph\":[{\"@type\":\"WebPage\",\"@id\":\"https:\\\/\\\/euskalkirolatb.eus\\\/retransmisiones\\\/i-torneo-online-conjuntos-gimnasia-ritmica\\\/\",\"url\":\"https:\\\/\\\/euskalkirolatb.eus\\\/retransmisiones\\\/i-torneo-online-conjuntos-gimnasia-ritmica\\\/\",\"name\":\"I TORNEO ONLINE CONJUNTOS GIMNASIA R\u00cdTMICA - Euskal Kirola Telebista\",\"isPartOf\":{\"@id\":\"https:\\\/\\\/euskalkirolatb.eus\\\/#website\"},\"primaryImageOfPage\":{\"@id\":\"https:\\\/\\\/euskalkirolatb.eus\\\/retransmisiones\\\/i-torneo-online-conjuntos-gimnasia-ritmica\\\/#primaryimage\"},\"image\":{\"@id\":\"https:\\\/\\\/euskalkirolatb.eus\\\/retransmisiones\\\/i-torneo-online-conjuntos-gimnasia-ritmica\\\/#primaryimage\"},\"thumbnailUrl\":\"https:\\\/\\\/euskalkirolatb.eus\\\/wp-content\\\/uploads\\\/2022\\\/01\\\/cartel-I-Torneo-On-Line-728x1030-1-e1623412257123.jpg\",\"datePublished\":\"2021-06-11T09:51:16+00:00\",\"dateModified\":\"2022-01-18T13:11:27+00:00\",\"breadcrumb\":{\"@id\":\"https:\\\/\\\/euskalkirolatb.eus\\\/retransmisiones\\\/i-torneo-online-conjuntos-gimnasia-ritmica\\\/#breadcrumb\"},\"inLanguage\":\"eu-ES\",\"potentialAction\":[{\"@type\":\"ReadAction\",\"target\":[\"https:\\\/\\\/euskalkirolatb.eus\\\/retransmisiones\\\/i-torneo-online-conjuntos-gimnasia-ritmica\\\/\"]}]},{\"@type\":\"ImageObject\",\"inLanguage\":\"eu-ES\",\"@id\":\"https:\\\/\\\/euskalkirolatb.eus\\\/retransmisiones\\\/i-torneo-online-conjuntos-gimnasia-ritmica\\\/#primaryimage\",\"url\":\"https:\\\/\\\/euskalkirolatb.eus\\\/wp-content\\\/uploads\\\/2022\\\/01\\\/cartel-I-Torneo-On-Line-728x1030-1-e1623412257123.jpg\",\"contentUrl\":\"https:\\\/\\\/euskalkirolatb.eus\\\/wp-content\\\/uploads\\\/2022\\\/01\\\/cartel-I-Torneo-On-Line-728x1030-1-e1623412257123.jpg\",\"width\":728,\"height\":453},{\"@type\":\"BreadcrumbList\",\"@id\":\"https:\\\/\\\/euskalkirolatb.eus\\\/retransmisiones\\\/i-torneo-online-conjuntos-gimnasia-ritmica\\\/#breadcrumb\",\"itemListElement\":[{\"@type\":\"ListItem\",\"position\":1,\"name\":\"Portada\",\"item\":\"https:\\\/\\\/euskalkirolatb.eus\\\/eu\\\/\"},{\"@type\":\"ListItem\",\"position\":2,\"name\":\"I TORNEO ONLINE CONJUNTOS GIMNASIA R\u00cdTMICA\"}]},{\"@type\":\"WebSite\",\"@id\":\"https:\\\/\\\/euskalkirolatb.eus\\\/#website\",\"url\":\"https:\\\/\\\/euskalkirolatb.eus\\\/\",\"name\":\"Euskal Kirola Telebista\",\"description\":\"Otro sitio realizado con WordPress\",\"potentialAction\":[{\"@type\":\"SearchAction\",\"target\":{\"@type\":\"EntryPoint\",\"urlTemplate\":\"https:\\\/\\\/euskalkirolatb.eus\\\/?s={search_term_string}\"},\"query-input\":{\"@type\":\"PropertyValueSpecification\",\"valueRequired\":true,\"valueName\":\"search_term_string\"}}],\"inLanguage\":\"eu-ES\"}]}<\/script>\n<!-- \/ Yoast SEO plugin. -->","yoast_head_json":{"title":"I TORNEO ONLINE CONJUNTOS GIMNASIA R\u00cdTMICA - Euskal Kirola Telebista","robots":{"index":"index","follow":"follow","max-snippet":"max-snippet:-1","max-image-preview":"max-image-preview:large","max-video-preview":"max-video-preview:-1"},"canonical":"https:\/\/euskalkirolatb.eus\/retransmisiones\/i-torneo-online-conjuntos-gimnasia-ritmica\/","og_locale":"eu_ES","og_type":"article","og_title":"I TORNEO ONLINE CONJUNTOS GIMNASIA R\u00cdTMICA - Euskal Kirola Telebista","og_description":"[et_pb_section fb_built=&#8221;1&#8243; _builder_version=&#8221;4.9.3&#8243; _module_preset=&#8221;default&#8221; background_color=&#8221;#06252a&#8221;][et_pb_row admin_label=&#8221;container_volver_atras&#8221; _builder_version=&#8221;4.9.4&#8243; _module_preset=&#8221;default&#8221; width=&#8221;90vw&#8221; max_width=&#8221;90vw&#8221; module_alignment=&#8221;center&#8221; custom_padding=&#8221;0px|0px|0px|0px|true|true&#8221; saved_tabs=&#8221;all&#8221; collapsed=&#8221;on&#8221;][et_pb_column type=&#8221;4_4&#8243; _builder_version=&#8221;4.9.4&#8243; _module_preset=&#8221;default&#8221;][et_pb_code admin_label=&#8221;btn_volver_atras&#8221; _builder_version=&#8221;4.9.4&#8243; _module_preset=&#8221;default&#8221;]Volver atr\u00e1s[\/et_pb_code][\/et_pb_column][\/et_pb_row][et_pb_row column_structure=&#8221;3_5,2_5&#8243; _builder_version=&#8221;4.9.3&#8243; _module_preset=&#8221;default&#8221; width=&#8221;90vw&#8221; max_width=&#8221;90vw&#8221;][et_pb_column type=&#8221;3_5&#8243; _builder_version=&#8221;4.9.3&#8243; _module_preset=&#8221;default&#8221;][et_pb_code _builder_version=&#8221;4.9.4&#8243; _module_preset=&#8221;default&#8221; background_enable_image=&#8221;off&#8221;][field &#8216;url_video&#8217;][\/et_pb_code][et_pb_post_title meta=&#8221;off&#8221; featured_image=&#8221;off&#8221; _builder_version=&#8221;4.9.4&#8243; _module_preset=&#8221;default&#8221; title_font=&#8221;|||on|||||&#8221; title_text_align=&#8221;left&#8221; title_text_color=&#8221;#FFFFFF&#8221; background_color=&#8221;RGBA(0,0,0,0)&#8221; custom_margin=&#8221;1vw||||false|false&#8221; locked=&#8221;off&#8221;][\/et_pb_post_title][et_pb_code admin_label=&#8221;favorite_button&#8221; _builder_version=&#8221;4.9.4&#8243; _module_preset=&#8221;default&#8221; z_index=&#8221;1&#8243; text_orientation=&#8221;right&#8221; global_module=&#8221;5560&#8243;][favorite_button][\/et_pb_code][et_pb_text _builder_version=&#8221;4.9.4&#8243; _module_preset=&#8221;default&#8221; text_text_color=&#8221;#FFFFFF&#8221; text_font_size=&#8221;15px&#8221; custom_padding=&#8221;10px||10px||true|false&#8221; hover_enabled=&#8221;0&#8243;&hellip;","og_url":"https:\/\/euskalkirolatb.eus\/retransmisiones\/i-torneo-online-conjuntos-gimnasia-ritmica\/","og_site_name":"Euskal Kirola Telebista","article_modified_time":"2022-01-18T13:11:27+00:00","og_image":[{"width":728,"height":453,"url":"https:\/\/euskalkirolatb.eus\/wp-content\/uploads\/2022\/01\/cartel-I-Torneo-On-Line-728x1030-1-e1623412257123.jpg","type":"image\/jpeg"}],"twitter_card":"summary_large_image","twitter_misc":{"Est. reading time":"13 minutes"},"schema":{"@context":"https:\/\/schema.org","@graph":[{"@type":"WebPage","@id":"https:\/\/euskalkirolatb.eus\/retransmisiones\/i-torneo-online-conjuntos-gimnasia-ritmica\/","url":"https:\/\/euskalkirolatb.eus\/retransmisiones\/i-torneo-online-conjuntos-gimnasia-ritmica\/","name":"I TORNEO ONLINE CONJUNTOS GIMNASIA R\u00cdTMICA - Euskal Kirola Telebista","isPartOf":{"@id":"https:\/\/euskalkirolatb.eus\/#website"},"primaryImageOfPage":{"@id":"https:\/\/euskalkirolatb.eus\/retransmisiones\/i-torneo-online-conjuntos-gimnasia-ritmica\/#primaryimage"},"image":{"@id":"https:\/\/euskalkirolatb.eus\/retransmisiones\/i-torneo-online-conjuntos-gimnasia-ritmica\/#primaryimage"},"thumbnailUrl":"https:\/\/euskalkirolatb.eus\/wp-content\/uploads\/2022\/01\/cartel-I-Torneo-On-Line-728x1030-1-e1623412257123.jpg","datePublished":"2021-06-11T09:51:16+00:00","dateModified":"2022-01-18T13:11:27+00:00","breadcrumb":{"@id":"https:\/\/euskalkirolatb.eus\/retransmisiones\/i-torneo-online-conjuntos-gimnasia-ritmica\/#breadcrumb"},"inLanguage":"eu-ES","potentialAction":[{"@type":"ReadAction","target":["https:\/\/euskalkirolatb.eus\/retransmisiones\/i-torneo-online-conjuntos-gimnasia-ritmica\/"]}]},{"@type":"ImageObject","inLanguage":"eu-ES","@id":"https:\/\/euskalkirolatb.eus\/retransmisiones\/i-torneo-online-conjuntos-gimnasia-ritmica\/#primaryimage","url":"https:\/\/euskalkirolatb.eus\/wp-content\/uploads\/2022\/01\/cartel-I-Torneo-On-Line-728x1030-1-e1623412257123.jpg","contentUrl":"https:\/\/euskalkirolatb.eus\/wp-content\/uploads\/2022\/01\/cartel-I-Torneo-On-Line-728x1030-1-e1623412257123.jpg","width":728,"height":453},{"@type":"BreadcrumbList","@id":"https:\/\/euskalkirolatb.eus\/retransmisiones\/i-torneo-online-conjuntos-gimnasia-ritmica\/#breadcrumb","itemListElement":[{"@type":"ListItem","position":1,"name":"Portada","item":"https:\/\/euskalkirolatb.eus\/eu\/"},{"@type":"ListItem","position":2,"name":"I TORNEO ONLINE CONJUNTOS GIMNASIA R\u00cdTMICA"}]},{"@type":"WebSite","@id":"https:\/\/euskalkirolatb.eus\/#website","url":"https:\/\/euskalkirolatb.eus\/","name":"Euskal Kirola Telebista","description":"Otro sitio realizado con WordPress","potentialAction":[{"@type":"SearchAction","target":{"@type":"EntryPoint","urlTemplate":"https:\/\/euskalkirolatb.eus\/?s={search_term_string}"},"query-input":{"@type":"PropertyValueSpecification","valueRequired":true,"valueName":"search_term_string"}}],"inLanguage":"eu-ES"}]}},"_links":{"self":[{"href":"https:\/\/euskalkirolatb.eus\/eu\/wp-json\/wp\/v2\/retransmisiones\/863","targetHints":{"allow":["GET"]}}],"collection":[{"href":"https:\/\/euskalkirolatb.eus\/eu\/wp-json\/wp\/v2\/retransmisiones"}],"about":[{"href":"https:\/\/euskalkirolatb.eus\/eu\/wp-json\/wp\/v2\/types\/retransmisiones"}],"wp:featuredmedia":[{"embeddable":true,"href":"https:\/\/euskalkirolatb.eus\/eu\/wp-json\/wp\/v2\/media\/864"}],"wp:attachment":[{"href":"https:\/\/euskalkirolatb.eus\/eu\/wp-json\/wp\/v2\/media?parent=863"}],"wp:term":[{"taxonomy":"deporte","embeddable":true,"href":"https:\/\/euskalkirolatb.eus\/eu\/wp-json\/wp\/v2\/deporte?post=863"}],"curies":[{"name":"wp","href":"https:\/\/api.w.org\/{rel}","templated":true}]}}